{"version":"1.0","provider_name":"Cidade Azul Not\u00edcias","provider_url":"https:\/\/cidadeazulnoticias.com.br","author_name":"felipifranco","author_url":"https:\/\/cidadeazulnoticias.com.br\/author\/felipifranco\/","title":"Maiara & Maraisa hoje no Gr\u00eamio da Cia Paulista - Cidade Azul Not\u00edcias","type":"rich","width":600,"height":338,"html":"<blockquote class=\"wp-embedded-content\" data-secret=\"h9bs3hErqs\"><a href=\"https:\/\/cidadeazulnoticias.com.br\/maiara-maraisa-hoje-no-gremio-da-cia-paulista\/\">Maiara &#038; Maraisa hoje no Gr\u00eamio da Cia Paulista<\/a><\/blockquote><iframe sandbox=\"allow-scripts\" security=\"restricted\" src=\"https:\/\/cidadeazulnoticias.com.br\/maiara-maraisa-hoje-no-gremio-da-cia-paulista\/embed\/#?secret=h9bs3hErqs\" width=\"600\" height=\"338\" title=\"&#8220;Maiara &#038; Maraisa hoje no Gr\u00eamio da Cia Paulista&#8221; &#8212; Cidade Azul Not\u00edcias\" data-secret=\"h9bs3hErqs\" frameborder=\"0\" marginwidth=\"0\" marginheight=\"0\" scrolling=\"no\" class=\"wp-embedded-content\"><\/iframe><script type=\"text\/javascript\">\n\/* <![CDATA[ *\/\n\/*! This file is auto-generated *\/\n!function(d,l){\"use strict\";l.querySelector&&d.addEventListener&&\"undefined\"!=typeof URL&&(d.wp=d.wp||{},d.wp.receiveEmbedMessage||(d.wp.receiveEmbedMessage=function(e){var t=e.data;if((t||t.secret||t.message||t.value)&&!\/[^a-zA-Z0-9]\/.test(t.secret)){for(var s,r,n,a=l.querySelectorAll('iframe[data-secret=\"'+t.secret+'\"]'),o=l.querySelectorAll('blockquote[data-secret=\"'+t.secret+'\"]'),c=new RegExp(\"^https?:$\",\"i\"),i=0;i<o.length;i++)o[i].style.display=\"none\";for(i=0;i<a.length;i++)s=a[i],e.source===s.contentWindow&&(s.removeAttribute(\"style\"),\"height\"===t.message?(1e3<(r=parseInt(t.value,10))?r=1e3:~~r<200&&(r=200),s.height=r):\"link\"===t.message&&(r=new URL(s.getAttribute(\"src\")),n=new URL(t.value),c.test(n.protocol))&&n.host===r.host&&l.activeElement===s&&(d.top.location.href=t.value))}},d.addEventListener(\"message\",d.wp.receiveEmbedMessage,!1),l.addEventListener(\"DOMContentLoaded\",function(){for(var e,t,s=l.querySelectorAll(\"iframe.wp-embedded-content\"),r=0;r<s.length;r++)(t=(e=s[r]).getAttribute(\"data-secret\"))||(t=Math.random().toString(36).substring(2,12),e.src+=\"#?secret=\"+t,e.setAttribute(\"data-secret\",t)),e.contentWindow.postMessage({message:\"ready\",secret:t},\"*\")},!1)))}(window,document);\n\/* ]]> *\/\n<\/script>\n","thumbnail_url":"https:\/\/s3.cidadeazulnoticias.com.br\/wp-content\/uploads\/2018\/05\/19204626\/maiara-e-maraisa-1494444612251_v2_1920x1281.jpg","thumbnail_width":1000,"thumbnail_height":667,"description":"Famosas pela voz afinada e apar\u00eancia similar, as irm\u00e3s g\u00eameas nasceram na cidade de S\u00e3o Jos\u00e9 dos Quatro Marcos, no Mato Grosso, mas foram criadas em Aragua\u00edna, no estado do Tocantins. Hoje, elas moram na capital da m\u00fasica sertaneja, Goi\u00e2nia (GO). Conquistaram o pa\u00eds, com as m\u00fasicas: \u201cQuase um casal, \u201cVoc\u00ea se transformou\u201d, \u201cNo dia [&hellip;]"}